{"id":10184,"date":"2020-06-04T09:25:51","date_gmt":"2020-06-04T07:25:51","guid":{"rendered":"https:\/\/www.gecoexpo.com\/2021\/fiere-virtuali\/"},"modified":"2021-10-19T18:49:24","modified_gmt":"2021-10-19T16:49:24","slug":"fiere-virtuali","status":"publish","type":"page","link":"https:\/\/www.gecoexpo.com\/2021\/fr\/fiere-virtuali\/","title":{"rendered":"Homepage"},"content":{"rendered":"","protected":false},"excerpt":{"rendered":"","protected":false},"author":5,"featured_media":10186,"parent":0,"menu_order":0,"comment_status":"closed","ping_status":"closed","template":"tpl-home.php","meta":[],"yoast_head":"<!-- This site is optimized with the Yoast SEO plugin v16.3 - https:\/\/yoast.com\/wordpress\/plugins\/seo\/ -->\n<meta name=\"description\" content=\"D\u00e9couvrez GECO, le salon virtuel de la durabilit\u00e9. La mobilit\u00e9, l&#039;\u00e9nergie durable, le tourisme exp\u00e9rientiel et le &quot;Green Deal&quot; europ\u00e9en ne sont que quelques-uns des sujets abord\u00e9s lors de la premi\u00e8re \u00e9dition dans un environnement virtuel interactif unique.\" \/>\n<meta name=\"robots\" content=\"index, follow, max-snippet:-1, max-image-preview:large, max-video-preview:-1\" \/>\n<link rel=\"canonical\" href=\"https:\/\/www.gecoexpo.com\/2021\/\" \/>\n<meta property=\"og:locale\" content=\"it_IT\" \/>\n<meta property=\"og:type\" content=\"article\" \/>\n<meta property=\"og:title\" content=\"GECO: salon virtuel de la durabilit\u00e9 | 1\u00e8re \u00e9dition 2021\" \/>\n<meta property=\"og:description\" content=\"D\u00e9couvrez GECO, le salon virtuel de la durabilit\u00e9. La mobilit\u00e9, l&#039;\u00e9nergie durable, le tourisme exp\u00e9rientiel et le &quot;Green Deal&quot; europ\u00e9en ne sont que quelques-uns des sujets abord\u00e9s lors de la premi\u00e8re \u00e9dition dans un environnement virtuel interactif unique.\" \/>\n<meta property=\"og:url\" content=\"https:\/\/www.gecoexpo.com\/2021\/fr\/\" \/>\n<meta property=\"og:site_name\" content=\"Geco, I edizione la fiera virtuale sulla sostenibilit&agrave;\" \/>\n<meta property=\"article:modified_time\" content=\"2021-10-19T16:49:24+00:00\" \/>\n<meta property=\"og:image\" content=\"https:\/\/www.gecoexpo.com\/2021\/wp-content\/uploads\/2020\/07\/Logo-Geco-web_Tavola-disegno-1.png\" \/>\n\t<meta property=\"og:image:width\" content=\"960\" \/>\n\t<meta property=\"og:image:height\" content=\"560\" \/>\n<meta name=\"twitter:card\" content=\"summary_large_image\" \/>\n<script type=\"application\/ld+json\" class=\"yoast-schema-graph\">{\"@context\":\"https:\/\/schema.org\",\"@graph\":[{\"@type\":\"WebSite\",\"@id\":\"https:\/\/www.gecoexpo.com\/2021\/#website\",\"url\":\"https:\/\/www.gecoexpo.com\/2021\/\",\"name\":\"Geco, I edizione la fiera virtuale sulla sostenibilit&agrave;\",\"description\":\"Green tourism, mobility &amp; energy expo\",\"potentialAction\":[{\"@type\":\"SearchAction\",\"target\":\"https:\/\/www.gecoexpo.com\/2021\/?s={search_term_string}\",\"query-input\":\"required name=search_term_string\"}],\"inLanguage\":\"it-IT\"},{\"@type\":\"ImageObject\",\"@id\":\"https:\/\/www.gecoexpo.com\/2021\/fr\/#primaryimage\",\"inLanguage\":\"it-IT\",\"url\":\"https:\/\/www.gecoexpo.com\/2021\/wp-content\/uploads\/2020\/07\/Logo-Geco-web_Tavola-disegno-1.png\",\"contentUrl\":\"https:\/\/www.gecoexpo.com\/2021\/wp-content\/uploads\/2020\/07\/Logo-Geco-web_Tavola-disegno-1.png\",\"width\":960,\"height\":560},{\"@type\":\"WebPage\",\"@id\":\"https:\/\/www.gecoexpo.com\/2021\/fr\/#webpage\",\"url\":\"https:\/\/www.gecoexpo.com\/2021\/fr\/\",\"name\":\"GECO: salon virtuel de la durabilit\\u00e9 | 1\\u00e8re \\u00e9dition 2021\",\"isPartOf\":{\"@id\":\"https:\/\/www.gecoexpo.com\/2021\/#website\"},\"primaryImageOfPage\":{\"@id\":\"https:\/\/www.gecoexpo.com\/2021\/fr\/#primaryimage\"},\"datePublished\":\"2020-06-04T07:25:51+00:00\",\"dateModified\":\"2021-10-19T16:49:24+00:00\",\"description\":\"D\\u00e9couvrez GECO, le salon virtuel de la durabilit\\u00e9. La mobilit\\u00e9, l'\\u00e9nergie durable, le tourisme exp\\u00e9rientiel et le \\\"Green Deal\\\" europ\\u00e9en ne sont que quelques-uns des sujets abord\\u00e9s lors de la premi\\u00e8re \\u00e9dition dans un environnement virtuel interactif unique.\",\"breadcrumb\":{\"@id\":\"https:\/\/www.gecoexpo.com\/2021\/fr\/#breadcrumb\"},\"inLanguage\":\"it-IT\",\"potentialAction\":[{\"@type\":\"ReadAction\",\"target\":[\"https:\/\/www.gecoexpo.com\/2021\/fr\/\"]}]},{\"@type\":\"BreadcrumbList\",\"@id\":\"https:\/\/www.gecoexpo.com\/2021\/fr\/#breadcrumb\",\"itemListElement\":[{\"@type\":\"ListItem\",\"position\":1,\"item\":{\"@type\":\"WebPage\",\"@id\":\"https:\/\/www.gecoexpo.com\/2021\/\",\"url\":\"https:\/\/www.gecoexpo.com\/2021\/\",\"name\":\"Home\"}},{\"@type\":\"ListItem\",\"position\":2,\"item\":{\"@id\":\"https:\/\/www.gecoexpo.com\/2021\/fr\/#webpage\"}}]}]}<\/script>\n<!-- \/ Yoast SEO plugin. -->","_links":{"self":[{"href":"https:\/\/www.gecoexpo.com\/2021\/wp-json\/wp\/v2\/pages\/10184"}],"collection":[{"href":"https:\/\/www.gecoexpo.com\/2021\/wp-json\/wp\/v2\/pages"}],"about":[{"href":"https:\/\/www.gecoexpo.com\/2021\/wp-json\/wp\/v2\/types\/page"}],"author":[{"embeddable":true,"href":"https:\/\/www.gecoexpo.com\/2021\/wp-json\/wp\/v2\/users\/5"}],"replies":[{"embeddable":true,"href":"https:\/\/www.gecoexpo.com\/2021\/wp-json\/wp\/v2\/comments?post=10184"}],"version-history":[{"count":3,"href":"https:\/\/www.gecoexpo.com\/2021\/wp-json\/wp\/v2\/pages\/10184\/revisions"}],"predecessor-version":[{"id":10721,"href":"https:\/\/www.gecoexpo.com\/2021\/wp-json\/wp\/v2\/pages\/10184\/revisions\/10721"}],"wp:featuredmedia":[{"embeddable":true,"href":"https:\/\/www.gecoexpo.com\/2021\/wp-json\/wp\/v2\/media\/10186"}],"wp:attachment":[{"href":"https:\/\/www.gecoexpo.com\/2021\/wp-json\/wp\/v2\/media?parent=10184"}],"curies":[{"name":"wp","href":"https:\/\/api.w.org\/{rel}","templated":true}]}}